{"id":260,"date":"2026-08-22T23:24:13","date_gmt":"2026-08-22T23:24:13","guid":{"rendered":"https:\/\/kontornu.com\/?page_id=260"},"modified":"2026-08-23T03:14:08","modified_gmt":"2026-08-23T03:14:08","slug":"quem-somos","status":"publish","type":"page","link":"https:\/\/kontornu.com\/?page_id=260","title":{"rendered":"Quem Somos"},"content":{"rendered":"\n<div class=\"wp-block-media-text is-stacked-on-mobile is-vertically-aligned-top\" style=\"grid-template-columns:46% auto\"><figure class=\"wp-block-media-text__media\"><img fetchpriority=\"high\" decoding=\"async\" width=\"1024\" height=\"683\" src=\"https:\/\/kontornu.com\/wp-content\/uploads\/2026\/08\/713364093_17984600577007423_2529095301196723964_n-1024x683.jpeg\" alt=\"\" class=\"wp-image-288 size-full\" srcset=\"https:\/\/kontornu.com\/wp-content\/uploads\/2026\/08\/713364093_17984600577007423_2529095301196723964_n-1024x683.jpeg 1024w, https:\/\/kontornu.com\/wp-content\/uploads\/2026\/08\/713364093_17984600577007423_2529095301196723964_n-300x200.jpeg 300w, https:\/\/kontornu.com\/wp-content\/uploads\/2026\/08\/713364093_17984600577007423_2529095301196723964_n.jpeg 1440w\" sizes=\"(max-width: 1024px) 100vw, 1024px\" \/><\/figure><div class=\"wp-block-media-text__content\">\n<p><\/p>\n<p class=\"wp-block-paragraph\" style=\"text-align: justify;\">O <strong>Festival Kontornu<\/strong> \u00e9 uma plataforma internacional de dan\u00e7a e artes performativas sediada em Cabo Verde, que promove o encontro entre artistas, p\u00fablicos, investigadores, curadores e institui\u00e7\u00f5es culturais de diferentes geografias.<\/p>\n<p style=\"text-align: justify;\">\n\n<\/p>\n<p class=\"wp-block-paragraph\" style=\"text-align: justify;\">A <strong>dan\u00e7a constitui o eixo central da sua identidade e programa\u00e7\u00e3o<\/strong>, com particular aten\u00e7\u00e3o \u00e0 <strong>dan\u00e7a contempor\u00e2nea<\/strong> e a pr\u00e1ticas art\u00edsticas que t\u00eam o <strong>corpo como principal fonte de investiga\u00e7\u00e3o, cria\u00e7\u00e3o e express\u00e3o<\/strong>.<\/p>\n<p><\/p>\n<\/div><\/div>\n\n\n<p><\/p>\n<p class=\"wp-block-paragraph\" style=\"text-align: justify;\">O Kontornu acolhe diferentes linguagens e disciplinas \u2014 entre elas a performance, o teatro f\u00edsico, o circo contempor\u00e2neo, as dan\u00e7as urbanas, pr\u00e1ticas h\u00edbridas e outras formas de cria\u00e7\u00e3o performativa \u2014 privilegiando propostas que exploram o corpo enquanto territ\u00f3rio art\u00edstico, pol\u00edtico, social e po\u00e9tico.<\/p>\n<p style=\"text-align: justify;\">\n\n<\/p>\n<p class=\"wp-block-paragraph\" style=\"text-align: justify;\">Criado em Cabo Verde, o Kontornu nasce da necessidade de fortalecer o ecossistema da dan\u00e7a e das artes performativas no pa\u00eds, criando condi\u00e7\u00f5es para a cria\u00e7\u00e3o, apresenta\u00e7\u00e3o, forma\u00e7\u00e3o, circula\u00e7\u00e3o e internacionaliza\u00e7\u00e3o dos artistas e das suas obras.<\/p>\n<p style=\"text-align: justify;\">\n\n<\/p>\n<p class=\"wp-block-paragraph\" style=\"text-align: justify;\">Ao mesmo tempo, procura ampliar as liga\u00e7\u00f5es entre Cabo Verde, \u00c1frica, a di\u00e1spora e o mundo, funcionando como espa\u00e7o de interc\u00e2mbio, mobilidade art\u00edstica, experimenta\u00e7\u00e3o e constru\u00e7\u00e3o de redes.<\/p>\n<p style=\"text-align: justify;\">\n\n<\/p>\n<p class=\"wp-block-paragraph\" style=\"text-align: justify;\">Ao longo das suas edi\u00e7\u00f5es, o Kontornu tem vindo a afirmar-se como uma plataforma de <strong>cria\u00e7\u00e3o contempor\u00e2nea, encontro art\u00edstico e pensamento<\/strong>, aproximando artistas de diferentes contextos e colocando o corpo e a dan\u00e7a no centro do di\u00e1logo com a sociedade.<\/p>\n<p><\/p>\n\n\n<div class=\"wp-block-group alignwide has-global-padding is-layout-constrained wp-block-group-is-layout-constrained\">\n<figure class=\"wp-block-image size-large is-resized\"><img decoding=\"async\" width=\"1024\" height=\"683\" src=\"https:\/\/kontornu.com\/wp-content\/uploads\/2026\/08\/713443444_17984600511007423_6201485186366038170_n-1024x683.jpeg\" alt=\"\" class=\"wp-image-289\" style=\"width:1130px;height:auto\" srcset=\"https:\/\/kontornu.com\/wp-content\/uploads\/2026\/08\/713443444_17984600511007423_6201485186366038170_n-1024x683.jpeg 1024w, https:\/\/kontornu.com\/wp-content\/uploads\/2026\/08\/713443444_17984600511007423_6201485186366038170_n-300x200.jpeg 300w, https:\/\/kontornu.com\/wp-content\/uploads\/2026\/08\/713443444_17984600511007423_6201485186366038170_n.jpeg 1440w\" sizes=\"(max-width: 1024px) 100vw, 1024px\" \/><\/figure>\n<\/div>\n\n\n\n<div style=\"height:100px\" aria-hidden=\"true\" class=\"wp-block-spacer\"><\/div>\n\n\n\n<div class=\"wp-block-group has-global-padding is-layout-constrained wp-block-group-is-layout-constrained\">\n<div class=\"wp-block-group is-layout-flow wp-block-group-is-layout-flow\">\n<div class=\"wp-block-columns is-layout-flex wp-container-core-columns-is-layout-0e47273b wp-block-columns-is-layout-flex\">\n<div class=\"wp-block-column is-style-default is-layout-flow wp-block-column-is-layout-flow\" style=\"border-style:none;border-width:0px;padding-top:0;padding-right:0;padding-bottom:0;padding-left:0\">\n<figure class=\"wp-block-image aligncenter size-full is-resized\"><img decoding=\"async\" width=\"512\" height=\"512\" src=\"https:\/\/kontornu.com\/wp-content\/uploads\/2026\/08\/mission.png\" alt=\"\" class=\"wp-image-313\" style=\"width:242px;height:auto\" srcset=\"https:\/\/kontornu.com\/wp-content\/uploads\/2026\/08\/mission.png 512w, https:\/\/kontornu.com\/wp-content\/uploads\/2026\/08\/mission-150x150.png 150w, https:\/\/kontornu.com\/wp-content\/uploads\/2026\/08\/mission-300x300.png 300w\" sizes=\"(max-width: 512px) 100vw, 512px\" \/><\/figure>\n\n\n\n<h2 class=\"wp-block-heading has-text-align-center\"><strong>MISS\u00c3O<\/strong><\/h2>\n\n\n\n<p class=\"wp-block-paragraph\">Promover a <strong>dan\u00e7a, particularmente a dan\u00e7a contempor\u00e2nea<\/strong>, e as artes performativas em Cabo Verde, criando condi\u00e7\u00f5es para a cria\u00e7\u00e3o, apresenta\u00e7\u00e3o, investiga\u00e7\u00e3o, forma\u00e7\u00e3o e circula\u00e7\u00e3o de artistas e obras.<\/p>\n\n\n\n<p class=\"wp-block-paragraph\">O Kontornu procura fomentar o di\u00e1logo intercultural, o pensamento cr\u00edtico e a experimenta\u00e7\u00e3o art\u00edstica, fortalecendo as redes profissionais e contribuindo para o desenvolvimento sustent\u00e1vel do setor das artes performativas em Cabo Verde e nas suas rela\u00e7\u00f5es com \u00c1frica e o contexto internacional.<\/p>\n<\/div>\n\n\n\n<div class=\"wp-block-column is-style-default is-layout-flow wp-block-column-is-layout-flow\" style=\"border-style:none;border-width:0px;padding-top:0;padding-right:0;padding-bottom:0;padding-left:0\">\n<figure class=\"wp-block-image aligncenter size-full is-resized\"><img loading=\"lazy\" decoding=\"async\" width=\"512\" height=\"512\" src=\"https:\/\/kontornu.com\/wp-content\/uploads\/2026\/08\/shared-vision.png\" alt=\"\" class=\"wp-image-314\" style=\"width:237px;height:auto\" srcset=\"https:\/\/kontornu.com\/wp-content\/uploads\/2026\/08\/shared-vision.png 512w, https:\/\/kontornu.com\/wp-content\/uploads\/2026\/08\/shared-vision-150x150.png 150w, https:\/\/kontornu.com\/wp-content\/uploads\/2026\/08\/shared-vision-300x300.png 300w\" sizes=\"(max-width: 512px) 100vw, 512px\" \/><\/figure>\n\n\n\n<h2 class=\"wp-block-heading has-text-align-center\"><strong>VIS\u00c3O<\/strong><\/h2>\n\n\n\n<p class=\"wp-block-paragraph\">Ser uma das principais plataformas africanas de <strong>dan\u00e7a contempor\u00e2nea e artes performativas<\/strong>, reconhecida pela capacidade de gerar cria\u00e7\u00e3o, pensamento, circula\u00e7\u00e3o e encontro entre artistas de \u00c1frica, da di\u00e1spora e de outras geografias.<\/p>\n\n\n\n<p class=\"wp-block-paragraph\">O Kontornu pretende contribuir para uma maior presen\u00e7a das cria\u00e7\u00f5es africanas e afro-diasp\u00f3ricas nos circuitos internacionais, ao mesmo tempo que fortalece Cabo Verde enquanto espa\u00e7o de encontro, cria\u00e7\u00e3o e circula\u00e7\u00e3o art\u00edstica.<\/p>\n<\/div>\n\n\n\n<div class=\"wp-block-column is-style-default is-layout-flow wp-block-column-is-layout-flow\" style=\"border-style:none;border-width:0px;padding-top:0;padding-right:0;padding-bottom:0;padding-left:0\">\n<figure class=\"wp-block-image aligncenter size-full is-resized\"><img loading=\"lazy\" decoding=\"async\" width=\"512\" height=\"512\" src=\"https:\/\/kontornu.com\/wp-content\/uploads\/2026\/08\/diamond.png\" alt=\"\" class=\"wp-image-315\" style=\"width:241px;height:auto\" srcset=\"https:\/\/kontornu.com\/wp-content\/uploads\/2026\/08\/diamond.png 512w, https:\/\/kontornu.com\/wp-content\/uploads\/2026\/08\/diamond-150x150.png 150w, https:\/\/kontornu.com\/wp-content\/uploads\/2026\/08\/diamond-300x300.png 300w\" sizes=\"(max-width: 512px) 100vw, 512px\" \/><\/figure>\n\n\n\n<h2 class=\"wp-block-heading has-text-align-center\"><strong>VALORES<\/strong><\/h2>\n\n\n\n<p class=\"wp-block-paragraph\"><strong>Inclus\u00e3o <\/strong>\u2014 criar espa\u00e7os acess\u00edveis e plurais para diferentes corpos, experi\u00eancias e comunidades.<\/p>\n\n\n\n<p class=\"wp-block-paragraph\"><strong>Diversidade <\/strong>\u2014 valorizar diferentes linguagens, geografias, identidades e modos de cria\u00e7\u00e3o.<\/p>\n\n\n\n<p class=\"wp-block-paragraph\"><strong>Coopera\u00e7\u00e3o<\/strong> \u2014 construir rela\u00e7\u00f5es baseadas na partilha, no interc\u00e2mbio e na colabora\u00e7\u00e3o entre artistas e institui\u00e7\u00f5es.<\/p>\n\n\n\n<p class=\"wp-block-paragraph\"><strong>Liberdade<\/strong> <strong>art\u00edstica<\/strong> \u2014 defender a autonomia da cria\u00e7\u00e3o e a diversidade de pensamento.<\/p>\n\n\n\n<details class=\"wp-block-details is-layout-flow wp-block-details-is-layout-flow\"><summary><strong>Ver mais&#8230;<\/strong>.<\/summary>\n<p class=\"wp-block-paragraph\"><strong>Experimenta\u00e7\u00e3o<\/strong> \u2014 incentivar a pesquisa de novas linguagens, formatos e rela\u00e7\u00f5es com o corpo.<\/p>\n\n\n\n<p class=\"wp-block-paragraph\"><strong>Pensamento cr\u00edtico<\/strong> \u2014 compreender a arte como espa\u00e7o de reflex\u00e3o, questionamento e produ\u00e7\u00e3o de conhecimento.<\/p>\n\n\n\n<p class=\"wp-block-paragraph\"><strong>Sustentabilidade<\/strong> \u2014 promover pr\u00e1ticas respons\u00e1veis e condi\u00e7\u00f5es mais sustent\u00e1veis para o desenvolvimento art\u00edstico.<\/p>\n\n\n\n<p class=\"wp-block-paragraph\"><strong>Participa\u00e7\u00e3o<\/strong> \u2014 aproximar a cria\u00e7\u00e3o contempor\u00e2nea dos p\u00fablicos e das comunidades.<\/p>\n\n\n\n<p class=\"wp-block-paragraph\"><strong>Internacionaliza\u00e7\u00e3o<\/strong> \u2014 fortalecer a circula\u00e7\u00e3o de artistas, obras e ideias entre Cabo Verde, \u00c1frica, a di\u00e1spora e o mundo.<\/p>\n\n\n\n<p class=\"wp-block-paragraph\"><strong>Desenvolvimento<\/strong> <strong>humano<\/strong> \u2014 reconhecer a pr\u00e1tica art\u00edstica, o corpo e a cria\u00e7\u00e3o como instrumentos de aprendizagem, transforma\u00e7\u00e3o e desenvolvimento individual e coletivo.<\/p>\n<\/details>\n<\/div>\n<\/div>\n<\/div>\n<\/div>\n\n\n\n<p class=\"wp-block-paragraph\"><\/p>\n","protected":false},"excerpt":{"rendered":"<p>O Kontornu acolhe diferentes linguagens e disciplinas \u2014 entre elas a performance, o teatro f\u00edsico, o circo contempor\u00e2neo, as dan\u00e7as urbanas, pr\u00e1ticas h\u00edbridas e outras formas de cria\u00e7\u00e3o performativa \u2014 privilegiando propostas que exploram o corpo enquanto territ\u00f3rio art\u00edstico, pol\u00edtico, social e po\u00e9tico. Criado em Cabo Verde, o Kontornu nasce da necessidade de fortalecer o ecossistema da dan\u00e7a e das artes performativas no pa\u00eds, criando condi\u00e7\u00f5es para a cria\u00e7\u00e3o, apresenta\u00e7\u00e3o, forma\u00e7\u00e3o, circula\u00e7\u00e3o e internacionaliza\u00e7\u00e3o dos artistas e das suas obras. Ao mesmo tempo, procura ampliar as liga\u00e7\u00f5es entre Cabo Verde, \u00c1frica, a di\u00e1spora e o mundo, funcionando como espa\u00e7o de interc\u00e2mbio, mobilidade art\u00edstica, experimenta\u00e7\u00e3o e constru\u00e7\u00e3o de redes. Ao longo das suas edi\u00e7\u00f5es, o Kontornu tem vindo a afirmar-se como uma plataforma de cria\u00e7\u00e3o contempor\u00e2nea, encontro art\u00edstico e pensamento, aproximando artistas de diferentes contextos e colocando o corpo e a dan\u00e7a no centro do di\u00e1logo com a sociedade. MISS\u00c3O Promover a dan\u00e7a, particularmente a dan\u00e7a contempor\u00e2nea, e as artes performativas em Cabo Verde, criando condi\u00e7\u00f5es para a cria\u00e7\u00e3o, apresenta\u00e7\u00e3o, investiga\u00e7\u00e3o, forma\u00e7\u00e3o e circula\u00e7\u00e3o de artistas e obras. O Kontornu procura fomentar o di\u00e1logo intercultural, o pensamento cr\u00edtico e a experimenta\u00e7\u00e3o art\u00edstica, fortalecendo as redes profissionais e contribuindo para o desenvolvimento sustent\u00e1vel do setor das artes performativas em Cabo Verde e nas suas rela\u00e7\u00f5es com \u00c1frica e o contexto internacional. VIS\u00c3O Ser uma das principais plataformas africanas de dan\u00e7a contempor\u00e2nea e artes performativas, reconhecida pela capacidade de gerar cria\u00e7\u00e3o, pensamento, circula\u00e7\u00e3o e encontro entre artistas de \u00c1frica, da di\u00e1spora e de outras geografias. O Kontornu pretende contribuir para uma maior presen\u00e7a das cria\u00e7\u00f5es africanas e afro-diasp\u00f3ricas nos circuitos internacionais, ao mesmo tempo que fortalece Cabo Verde enquanto espa\u00e7o de encontro, cria\u00e7\u00e3o e circula\u00e7\u00e3o art\u00edstica. VALORES Inclus\u00e3o \u2014 criar espa\u00e7os acess\u00edveis e plurais para diferentes corpos, experi\u00eancias e comunidades. Diversidade \u2014 valorizar diferentes linguagens, geografias, identidades e modos de cria\u00e7\u00e3o. Coopera\u00e7\u00e3o \u2014 construir rela\u00e7\u00f5es baseadas na partilha, no interc\u00e2mbio e na colabora\u00e7\u00e3o entre artistas e institui\u00e7\u00f5es. Liberdade art\u00edstica \u2014 defender a autonomia da cria\u00e7\u00e3o e a diversidade de pensamento.<\/p>\n","protected":false},"author":1,"featured_media":0,"parent":0,"menu_order":0,"comment_status":"closed","ping_status":"closed","template":"","meta":{"_editorskit_title_hidden":false,"_editorskit_reading_time":0,"_editorskit_is_block_options_detached":false,"_editorskit_block_options_position":"{}","inspiro_hide_title":false,"inspiro_hide_featured_image":false,"footnotes":""},"class_list":["post-260","page","type-page","status-publish","hentry"],"featured_media_urls":[],"_links":{"self":[{"href":"https:\/\/kontornu.com\/index.php?rest_route=\/wp\/v2\/pages\/260","targetHints":{"allow":["GET"]}}],"collection":[{"href":"https:\/\/kontornu.com\/index.php?rest_route=\/wp\/v2\/pages"}],"about":[{"href":"https:\/\/kontornu.com\/index.php?rest_route=\/wp\/v2\/types\/page"}],"author":[{"embeddable":true,"href":"https:\/\/kontornu.com\/index.php?rest_route=\/wp\/v2\/users\/1"}],"replies":[{"embeddable":true,"href":"https:\/\/kontornu.com\/index.php?rest_route=%2Fwp%2Fv2%2Fcomments&post=260"}],"version-history":[{"count":12,"href":"https:\/\/kontornu.com\/index.php?rest_route=\/wp\/v2\/pages\/260\/revisions"}],"predecessor-version":[{"id":366,"href":"https:\/\/kontornu.com\/index.php?rest_route=\/wp\/v2\/pages\/260\/revisions\/366"}],"wp:attachment":[{"href":"https:\/\/kontornu.com\/index.php?rest_route=%2Fwp%2Fv2%2Fmedia&parent=260"}],"curies":[{"name":"wp","href":"https:\/\/api.w.org\/{rel}","templated":true}]}}