{"id":401,"date":"2026-08-23T05:00:14","date_gmt":"2026-08-23T05:00:14","guid":{"rendered":"https:\/\/kontornu.com\/?page_id=401"},"modified":"2026-08-24T12:49:46","modified_gmt":"2026-08-24T12:49:46","slug":"401-2","status":"publish","type":"page","link":"https:\/\/kontornu.com\/","title":{"rendered":"KONTORNU"},"content":{"rendered":"\t\t<div data-elementor-type=\"wp-page\" data-elementor-id=\"401\" class=\"elementor elementor-401\">\n\t\t\t\t<div class=\"elementor-element elementor-element-26d814bf e-flex e-con-boxed wpr-particle-no wpr-jarallax-no wpr-parallax-no wpr-sticky-section-no wpr-column-slider-no wpr-equal-height-no e-con e-parent\" data-id=\"26d814bf\" data-element_type=\"container\" data-e-type=\"container\">\n\t\t\t\t\t<div class=\"e-con-inner\">\n\t\t\t\t<div class=\"elementor-element elementor-element-7582c77d elementor-widget elementor-widget-text-editor\" data-id=\"7582c77d\" data-element_type=\"widget\" data-e-type=\"widget\" data-widget_type=\"text-editor.default\">\n\t\t\t\t\t\t\t\t\t\n<div class=\"wp-block-group alignfull has-background has-global-padding is-layout-constrained wp-block-group-is-layout-constrained\" style=\"background-color: #d63f43; padding-top: var(--wp--preset--spacing--small); padding-bottom: var(--wp--preset--spacing--small);\">\n<div class=\"wp-block-columns is-layout-flex wp-container-core-columns-is-layout-88a9eba7 wp-block-columns-is-layout-flex\" style=\"padding-right: 0; padding-left: 0;\">\n<div class=\"wp-block-column is-vertically-aligned-center is-layout-flow wp-block-column-is-layout-flow\">\n<p class=\"wp-block-paragraph\"><span style=\"color: #ffffff;\"><strong>KONTORNU<br \/>International Festival of Dance &amp; Performing Arts<\/strong><\/span><\/p>\n<span style=\"color: #ffffff;\"><\/span>\n<p class=\"wp-block-paragraph\"><span style=\"color: #ffffff;\">O\u00a0<strong>Festival Kontornu<\/strong>\u00a0\u00e9 uma plataforma internacional de dan\u00e7a e artes performativas sediada em Cabo Verde, que promove o encontro entre artistas, p\u00fablicos, investigadores, curadores e institui\u00e7\u00f5es culturais de diferentes geografias.<\/span><\/p>\n<span style=\"color: #ffffff;\"><\/span>\n<p class=\"wp-block-paragraph\"><span style=\"color: #ffffff;\">A\u00a0<strong>dan\u00e7a constitui o eixo central da sua identidade e programa\u00e7\u00e3o<\/strong>, com particular aten\u00e7\u00e3o \u00e0\u00a0<strong>dan\u00e7a contempor\u00e2nea<\/strong>\u00a0e a pr\u00e1ticas art\u00edsticas que t\u00eam o\u00a0<strong>corpo como principal fonte de investiga\u00e7\u00e3o, cria\u00e7\u00e3o e express\u00e3o<\/strong>.<\/span><\/p>\n<span style=\"color: #ffffff;\"><\/span>\n<p class=\"wp-block-paragraph\"><span style=\"color: #ffffff;\">O Kontornu acolhe diferentes linguagens e disciplinas \u2014 entre elas a performance, o teatro f\u00edsico, o circo contempor\u00e2neo, as dan\u00e7as urbanas, pr\u00e1ticas h\u00edbridas e outras formas de cria\u00e7\u00e3o performativa \u2014 privilegiando propostas que exploram o corpo enquanto territ\u00f3rio art\u00edstico, pol\u00edtico, social e po\u00e9tico.<\/span><\/p>\n\n<div class=\"wp-block-buttons is-horizontal is-content-justification-left is-layout-flex wp-container-core-buttons-is-layout-3177425e wp-block-buttons-is-layout-flex\">\n<div class=\"wp-block-button is-style-outline is-style-outline--2\"><span style=\"color: #ffffff;\"><a class=\"wp-block-button__link wp-element-button\" style=\"color: #ffffff;\" href=\"https:\/\/kontornu.com\/?page_id=260\">Saber mais<\/a><\/span><\/div>\n<\/div>\n<\/div>\n\n<div class=\"wp-block-column is-layout-flow wp-block-column-is-layout-flow\">\n<figure class=\"wp-block-image size-large\"><img fetchpriority=\"high\" decoding=\"async\" width=\"768\" height=\"1024\" class=\"wp-image-402\" src=\"https:\/\/kontornu.com\/wp-content\/uploads\/2026\/08\/718131696_17984962755007423_4081301131313146733_n-1-768x1024.jpeg\" alt=\"\" srcset=\"https:\/\/kontornu.com\/wp-content\/uploads\/2026\/08\/718131696_17984962755007423_4081301131313146733_n-1-768x1024.jpeg 768w, https:\/\/kontornu.com\/wp-content\/uploads\/2026\/08\/718131696_17984962755007423_4081301131313146733_n-1-225x300.jpeg 225w, https:\/\/kontornu.com\/wp-content\/uploads\/2026\/08\/718131696_17984962755007423_4081301131313146733_n-1.jpeg 1440w\" sizes=\"(max-width: 768px) 100vw, 768px\" \/><\/figure>\n<\/div>\n<\/div>\n<\/div>\n\n<div id=\"news\" class=\"wp-block-group is-vertical is-layout-flex wp-container-core-group-is-layout-569c335e wp-block-group-is-layout-flex\" style=\"padding-right: 0; padding-left: 0;\">\n<div class=\"wp-block-spacer wp-container-content-78b3b043\" style=\"height: 23px; width: 0px;\" aria-hidden=\"true\">\u00a0<\/div>\n\n<h2 class=\"wp-block-heading has-text-align-left\">\u00daltimos Artigos<\/h2>\n\n<div class=\"wp-block-spacer wp-container-content-67de619e\" style=\"height: 33px; width: 0px;\" aria-hidden=\"true\">\u00a0<\/div>\n\n<div class=\"wp-block-query is-layout-flow wp-block-query-is-layout-flow\"><ul class=\"columns-3 wp-block-post-template is-layout-grid wp-container-core-post-template-is-layout-26907f6f wp-block-post-template-is-layout-grid\"><li class=\"wp-block-post post-417 post type-post status-publish format-standard has-post-thumbnail hentry category-uncategorized\"><figure style=\"margin-bottom:var(--wp--preset--spacing--x-small)\" class=\"wp-block-post-featured-image\"><a href=\"https:\/\/kontornu.com\/?p=417\" target=\"_self\" ><img decoding=\"async\" width=\"1440\" height=\"1800\" src=\"https:\/\/kontornu.com\/wp-content\/uploads\/2026\/08\/778123850_17996638569007423_5466140045275918823_n.jpeg\" class=\"attachment-post-thumbnail size-post-thumbnail wp-post-image\" alt=\"KORDA \u2014 INTERC\u00c2MBIOS ART\u00cdSTICOS BRASILIDADES\" style=\"border-radius:5px;height:240px;width:100%;object-fit:cover;\" srcset=\"https:\/\/kontornu.com\/wp-content\/uploads\/2026\/08\/778123850_17996638569007423_5466140045275918823_n.jpeg 1440w, https:\/\/kontornu.com\/wp-content\/uploads\/2026\/08\/778123850_17996638569007423_5466140045275918823_n-240x300.jpeg 240w, https:\/\/kontornu.com\/wp-content\/uploads\/2026\/08\/778123850_17996638569007423_5466140045275918823_n-819x1024.jpeg 819w, https:\/\/kontornu.com\/wp-content\/uploads\/2026\/08\/778123850_17996638569007423_5466140045275918823_n-1229x1536.jpeg 1229w, https:\/\/kontornu.com\/wp-content\/uploads\/2026\/08\/778123850_17996638569007423_5466140045275918823_n-600x750.jpeg 600w, https:\/\/kontornu.com\/wp-content\/uploads\/2026\/08\/778123850_17996638569007423_5466140045275918823_n-1200x1500.jpeg 1200w\" sizes=\"100vw\" \/><\/a><\/figure><div style=\"margin-top:0;margin-bottom:0\" class=\"has-link-color wp-elements-28 wp-block-post-date has-text-color has-tertiary-color\"><time datetime=\"2026-08-23T05:16:29+00:00\">Agosto 23, 2026<\/time><\/div><h3 style=\"margin-top:0;margin-bottom:var(--wp--preset--spacing--x-small)\" class=\"has-link-color wp-elements-29 wp-block-post-title\"><a href=\"https:\/\/kontornu.com\/?p=417\" target=\"_self\" >KORDA \u2014 INTERC\u00c2MBIOS ART\u00cdSTICOS BRASILIDADES<\/a><\/h3><div class=\"has-link-color wp-elements-30 wp-block-post-excerpt has-text-color has-tertiary-color\"><p class=\"wp-block-post-excerpt__excerpt\">O kontornu\u00a0apresenta uma noite dedicada \u00e0 cria\u00e7\u00e3o contempor\u00e2nea brasileira, reunindo dois\u00a0#solos\u00a0de dan\u00e7a.RE-TRA\u00c7OSRic\u00e1rdo \u00c1parecidoUm solo de dan\u00e7a e ambi\u00eancia em trama cont\u00ednua, onde movimento, voz, som e luz se encontram em um jogo constru\u00eddo pelo acaso e pelo instante.TERRIT\u00d3RIO&hellip; <\/p><\/div><a style=\"text-transform:uppercase;border-width:2px;padding-right:var(--wp--preset--spacing--x-small);padding-left:var(--wp--preset--spacing--x-small);padding-top:10px;padding-bottom:10px\" class=\"wp-block-read-more has-text-color has-foreground-color\" href=\"https:\/\/kontornu.com\/?p=417\" target=\"_self\">Ler Mais<span class=\"screen-reader-text\">: KORDA \u2014 INTERC\u00c2MBIOS ART\u00cdSTICOS BRASILIDADES<\/span><\/a><\/li><li class=\"wp-block-post post-191 post type-post status-publish format-standard has-post-thumbnail hentry category-festivalkontornu\"><figure style=\"margin-bottom:var(--wp--preset--spacing--x-small)\" class=\"wp-block-post-featured-image\"><a href=\"https:\/\/kontornu.com\/?p=191\" target=\"_self\" ><img decoding=\"async\" width=\"1600\" height=\"900\" src=\"https:\/\/kontornu.com\/wp-content\/uploads\/2026\/08\/732889353_866335492768488_7322218849797086038_n-2.jpeg\" class=\"attachment-post-thumbnail size-post-thumbnail wp-post-image\" alt=\"Festival Kontronu 5\u00aa edi\u00e7\u00e3o 2027\" style=\"border-radius:5px;height:240px;width:100%;object-fit:cover;\" srcset=\"https:\/\/kontornu.com\/wp-content\/uploads\/2026\/08\/732889353_866335492768488_7322218849797086038_n-2.jpeg 1600w, https:\/\/kontornu.com\/wp-content\/uploads\/2026\/08\/732889353_866335492768488_7322218849797086038_n-2-300x169.jpeg 300w, https:\/\/kontornu.com\/wp-content\/uploads\/2026\/08\/732889353_866335492768488_7322218849797086038_n-2-1024x576.jpeg 1024w, https:\/\/kontornu.com\/wp-content\/uploads\/2026\/08\/732889353_866335492768488_7322218849797086038_n-2-1536x864.jpeg 1536w, https:\/\/kontornu.com\/wp-content\/uploads\/2026\/08\/732889353_866335492768488_7322218849797086038_n-2-600x338.jpeg 600w, https:\/\/kontornu.com\/wp-content\/uploads\/2026\/08\/732889353_866335492768488_7322218849797086038_n-2-1200x675.jpeg 1200w\" sizes=\"100vw\" \/><\/a><\/figure><div style=\"margin-top:0;margin-bottom:0\" class=\"has-link-color wp-elements-31 wp-block-post-date has-text-color has-tertiary-color\"><time datetime=\"2026-08-19T23:59:54+00:00\">Agosto 19, 2026<\/time><\/div><h3 style=\"margin-top:0;margin-bottom:var(--wp--preset--spacing--x-small)\" class=\"has-link-color wp-elements-32 wp-block-post-title\"><a href=\"https:\/\/kontornu.com\/?p=191\" target=\"_self\" >Festival Kontronu 5\u00aa edi\u00e7\u00e3o 2027<\/a><\/h3><div class=\"has-link-color wp-elements-33 wp-block-post-excerpt has-text-color has-tertiary-color\"><p class=\"wp-block-post-excerpt__excerpt\">O&nbsp;Festival Internacional de Dan\u00e7a e Artes Performativas Kontornu&nbsp;\u00e9 o principal projeto da plataforma e acontece anualmente durante o m\u00eas de&nbsp;maio&nbsp;em Cabo Verde. O Festival \u00e9 concebido como uma plataforma internacional de&nbsp;cria\u00e7\u00e3o, circula\u00e7\u00e3o, pensamento e encontro, colocando artistas cabo-verdianos&hellip; <\/p><\/div><a style=\"text-transform:uppercase;border-width:2px;padding-right:var(--wp--preset--spacing--x-small);padding-left:var(--wp--preset--spacing--x-small);padding-top:10px;padding-bottom:10px\" class=\"wp-block-read-more has-text-color has-foreground-color\" href=\"https:\/\/kontornu.com\/?p=191\" target=\"_self\">Ler Mais<span class=\"screen-reader-text\">: Festival Kontronu 5\u00aa edi\u00e7\u00e3o 2027<\/span><\/a><\/li><li class=\"wp-block-post post-168 post type-post status-publish format-standard has-post-thumbnail hentry category-dance-camp\"><figure style=\"margin-bottom:var(--wp--preset--spacing--x-small)\" class=\"wp-block-post-featured-image\"><a href=\"https:\/\/kontornu.com\/?p=168\" target=\"_self\" ><img loading=\"lazy\" decoding=\"async\" width=\"1080\" height=\"1350\" src=\"https:\/\/kontornu.com\/wp-content\/uploads\/2026\/08\/WhatsApp-Image-2026-07-21-at-17.52.06.jpeg\" class=\"attachment-post-thumbnail size-post-thumbnail wp-post-image\" alt=\"Kontornu Dance Camp 2027\" style=\"border-radius:5px;height:240px;width:100%;object-fit:cover;\" srcset=\"https:\/\/kontornu.com\/wp-content\/uploads\/2026\/08\/WhatsApp-Image-2026-07-21-at-17.52.06.jpeg 1080w, https:\/\/kontornu.com\/wp-content\/uploads\/2026\/08\/WhatsApp-Image-2026-07-21-at-17.52.06-240x300.jpeg 240w, https:\/\/kontornu.com\/wp-content\/uploads\/2026\/08\/WhatsApp-Image-2026-07-21-at-17.52.06-819x1024.jpeg 819w, https:\/\/kontornu.com\/wp-content\/uploads\/2026\/08\/WhatsApp-Image-2026-07-21-at-17.52.06-600x750.jpeg 600w\" sizes=\"100vw\" \/><\/a><\/figure><div style=\"margin-top:0;margin-bottom:0\" class=\"has-link-color wp-elements-34 wp-block-post-date has-text-color has-tertiary-color\"><time datetime=\"2026-08-19T22:42:45+00:00\">Agosto 19, 2026<\/time><\/div><h3 style=\"margin-top:0;margin-bottom:var(--wp--preset--spacing--x-small)\" class=\"has-link-color wp-elements-35 wp-block-post-title\"><a href=\"https:\/\/kontornu.com\/?p=168\" target=\"_self\" >Kontornu Dance Camp 2027<\/a><\/h3><div class=\"has-link-color wp-elements-36 wp-block-post-excerpt has-text-color has-tertiary-color\"><p class=\"wp-block-post-excerpt__excerpt\">O\u00a0Dance Camp\u00a0\u00e9 um espa\u00e7o imersivo de resid\u00eancia art\u00edstica, forma\u00e7\u00e3o intensiva, pesquisa corporal e interc\u00e2mbio cultural. Proporciona aos participantes uma imers\u00e3o profunda nos ritmos tradicionais e contempor\u00e2neos de Cabo Verde, combinados com oficinas de dan\u00e7a e artes performativas ministradas&hellip; <\/p><\/div><a style=\"text-transform:uppercase;border-width:2px;padding-right:var(--wp--preset--spacing--x-small);padding-left:var(--wp--preset--spacing--x-small);padding-top:10px;padding-bottom:10px\" class=\"wp-block-read-more has-text-color has-foreground-color\" href=\"https:\/\/kontornu.com\/?p=168\" target=\"_self\">Ler Mais<span class=\"screen-reader-text\">: Kontornu Dance Camp 2027<\/span><\/a><\/li><\/ul><\/div>\n\n<div class=\"wp-block-spacer wp-container-content-7ec6947d\" style=\"height: 85px; width: 0px;\" aria-hidden=\"true\">\u00a0<\/div>\n<\/div>\n\t\t\t\t\t\t\t\t<\/div>\n\t\t\t\t\t<h2 data-interaction-id=\"200dc7a\" class=\"e-heading-base\">Galeria<\/h2>\n\t\t\t\t<div class=\"elementor-element elementor-element-dc0d53b elementor-arrows-position-inside elementor-pagination-position-outside elementor-widget elementor-widget-image-carousel\" data-id=\"dc0d53b\" data-element_type=\"widget\" data-e-type=\"widget\" data-settings=\"{&quot;slides_to_show&quot;:&quot;3&quot;,&quot;autoplay_speed&quot;:2000,&quot;navigation&quot;:&quot;both&quot;,&quot;autoplay&quot;:&quot;yes&quot;,&quot;pause_on_hover&quot;:&quot;yes&quot;,&quot;pause_on_interaction&quot;:&quot;yes&quot;,&quot;infinite&quot;:&quot;yes&quot;,&quot;speed&quot;:500}\" data-widget_type=\"image-carousel.default\">\n\t\t\t\t\t\t\t<div class=\"elementor-image-carousel-wrapper swiper\" role=\"region\" aria-roledescription=\"carousel\" aria-label=\"Carrossel de imagens\" dir=\"ltr\">\n\t\t\t<div class=\"elementor-image-carousel swiper-wrapper\" aria-live=\"off\">\n\t\t\t\t\t\t\t\t<div class=\"swiper-slide\" role=\"group\" aria-roledescription=\"slide\" aria-label=\"1 of 11\"><figure class=\"swiper-slide-inner\"><img decoding=\"async\" class=\"swiper-slide-image\" src=\"https:\/\/kontornu.com\/wp-content\/uploads\/2026\/08\/717821470_1337894704955138_8918590414134619703_n.jpeg\" alt=\"717821470_1337894704955138_8918590414134619703_n\" \/><\/figure><\/div><div class=\"swiper-slide\" role=\"group\" aria-roledescription=\"slide\" aria-label=\"2 of 11\"><figure class=\"swiper-slide-inner\"><img decoding=\"async\" class=\"swiper-slide-image\" src=\"https:\/\/kontornu.com\/wp-content\/uploads\/2026\/08\/719623830_17985167607007423_4294879387909773135_n.jpeg\" alt=\"719623830_17985167607007423_4294879387909773135_n\" \/><\/figure><\/div><div class=\"swiper-slide\" role=\"group\" aria-roledescription=\"slide\" aria-label=\"3 of 11\"><figure class=\"swiper-slide-inner\"><img decoding=\"async\" class=\"swiper-slide-image\" src=\"https:\/\/kontornu.com\/wp-content\/uploads\/2026\/08\/718131696_17984962755007423_4081301131313146733_n-1.jpeg\" alt=\"718131696_17984962755007423_4081301131313146733_n (1)\" \/><\/figure><\/div><div class=\"swiper-slide\" role=\"group\" aria-roledescription=\"slide\" aria-label=\"4 of 11\"><figure class=\"swiper-slide-inner\"><img decoding=\"async\" class=\"swiper-slide-image\" src=\"https:\/\/kontornu.com\/wp-content\/uploads\/2026\/08\/719828216_17985167625007423_2538105875145914787_n-1.jpeg\" alt=\"719828216_17985167625007423_2538105875145914787_n (1)\" \/><\/figure><\/div><div class=\"swiper-slide\" role=\"group\" aria-roledescription=\"slide\" aria-label=\"5 of 11\"><figure class=\"swiper-slide-inner\"><img decoding=\"async\" class=\"swiper-slide-image\" src=\"https:\/\/kontornu.com\/wp-content\/uploads\/2026\/08\/719740583_17985167574007423_4500666835370238021_n.jpeg\" alt=\"719740583_17985167574007423_4500666835370238021_n\" \/><\/figure><\/div><div class=\"swiper-slide\" role=\"group\" aria-roledescription=\"slide\" aria-label=\"6 of 11\"><figure class=\"swiper-slide-inner\"><img decoding=\"async\" class=\"swiper-slide-image\" src=\"https:\/\/kontornu.com\/wp-content\/uploads\/2026\/08\/719566105_1367925265385367_6917762608110287704_n-1.jpeg\" alt=\"719566105_1367925265385367_6917762608110287704_n (1)\" \/><\/figure><\/div><div class=\"swiper-slide\" role=\"group\" aria-roledescription=\"slide\" aria-label=\"7 of 11\"><figure class=\"swiper-slide-inner\"><img decoding=\"async\" class=\"swiper-slide-image\" src=\"https:\/\/kontornu.com\/wp-content\/uploads\/2026\/08\/718777010_17984962692007423_6696487077004924467_n.jpeg\" alt=\"718777010_17984962692007423_6696487077004924467_n\" \/><\/figure><\/div><div class=\"swiper-slide\" role=\"group\" aria-roledescription=\"slide\" aria-label=\"8 of 11\"><figure class=\"swiper-slide-inner\"><img decoding=\"async\" class=\"swiper-slide-image\" src=\"https:\/\/kontornu.com\/wp-content\/uploads\/2026\/08\/719828216_17985167625007423_2538105875145914787_n.jpeg\" alt=\"719828216_17985167625007423_2538105875145914787_n\" \/><\/figure><\/div><div class=\"swiper-slide\" role=\"group\" aria-roledescription=\"slide\" aria-label=\"9 of 11\"><figure class=\"swiper-slide-inner\"><img decoding=\"async\" class=\"swiper-slide-image\" src=\"https:\/\/kontornu.com\/wp-content\/uploads\/2026\/08\/719566105_1367925265385367_6917762608110287704_n.jpeg\" alt=\"719566105_1367925265385367_6917762608110287704_n\" \/><\/figure><\/div><div class=\"swiper-slide\" role=\"group\" aria-roledescription=\"slide\" aria-label=\"10 of 11\"><figure class=\"swiper-slide-inner\"><img decoding=\"async\" class=\"swiper-slide-image\" src=\"https:\/\/kontornu.com\/wp-content\/uploads\/2026\/08\/718131696_17984962755007423_4081301131313146733_n.jpeg\" alt=\"718131696_17984962755007423_4081301131313146733_n\" \/><\/figure><\/div><div class=\"swiper-slide\" role=\"group\" aria-roledescription=\"slide\" aria-label=\"11 of 11\"><figure class=\"swiper-slide-inner\"><img decoding=\"async\" class=\"swiper-slide-image\" src=\"https:\/\/kontornu.com\/wp-content\/uploads\/2026\/08\/Confessions-ewin.g-por-Helder-Paz-MonteiroKontornudancefestivalKontornu-festivaldedanca-7.webp\" alt=\"Confessions ewin.g por H\u00e9lder Paz Monteiro#Kontornudancefestival#Kontornu #festivaldedan\u00e7a (7)\" \/><\/figure><\/div>\t\t\t<\/div>\n\t\t\t\t\t\t\t\t\t\t\t\t<div class=\"elementor-swiper-button elementor-swiper-button-prev\" role=\"button\" tabindex=\"0\">\n\t\t\t\t\t\t<svg aria-hidden=\"true\" class=\"e-font-icon-svg e-eicon-chevron-left\" viewBox=\"0 0 1000 1000\" xmlns=\"http:\/\/www.w3.org\/2000\/svg\"><path d=\"M646 125C629 125 613 133 604 142L308 442C296 454 292 471 292 487 292 504 296 521 308 533L604 854C617 867 629 875 646 875 663 875 679 871 692 858 704 846 713 829 713 812 713 796 708 779 692 767L438 487 692 225C700 217 708 204 708 187 708 171 704 154 692 142 675 129 663 125 646 125Z\"><\/path><\/svg>\t\t\t\t\t<\/div>\n\t\t\t\t\t<div class=\"elementor-swiper-button elementor-swiper-button-next\" role=\"button\" tabindex=\"0\">\n\t\t\t\t\t\t<svg aria-hidden=\"true\" class=\"e-font-icon-svg e-eicon-chevron-right\" viewBox=\"0 0 1000 1000\" xmlns=\"http:\/\/www.w3.org\/2000\/svg\"><path d=\"M696 533C708 521 713 504 713 487 713 471 708 454 696 446L400 146C388 133 375 125 354 125 338 125 325 129 313 142 300 154 292 171 292 187 292 204 296 221 308 233L563 492 304 771C292 783 288 800 288 817 288 833 296 850 308 863 321 871 338 875 354 875 371 875 388 867 400 854L696 533Z\"><\/path><\/svg>\t\t\t\t\t<\/div>\n\t\t\t\t\n\t\t\t\t\t\t\t\t\t<div class=\"swiper-pagination\"><\/div>\n\t\t\t\t\t\t\t\t\t<\/div>\n\t\t\t\t\t\t<\/div>\n\t\t\t\t\t<\/div>\n\t\t\t\t<\/div>\n\t\t<div class=\"elementor-element elementor-element-395e810 e-con e-atomic-element e-flexbox-base \" data-id=\"395e810\" data-element_type=\"e-flexbox\" data-e-type=\"e-flexbox\" data-interaction-id=\"395e810\">\n    \t\t\t<a href=\"https:\/\/kontornu.com\/?page_id=429&amp;preview=true\" target=\"_self\" class=\"e-c46a5e8-96ed7e0 e-button-base\" data-interaction-id=\"c46a5e8\">\n\t\tVer mais fotos\n\t<\/a>\t\t\n<\/div>\n\t\t<\/div>\n\t\t","protected":false},"excerpt":{"rendered":"<p>KONTORNUInternational Festival of Dance &amp; Performing Arts O\u00a0Festival Kontornu\u00a0\u00e9 uma plataforma internacional de dan\u00e7a e artes performativas sediada em Cabo Verde, que promove o encontro entre artistas, p\u00fablicos, investigadores, curadores e institui\u00e7\u00f5es culturais de diferentes geografias. A\u00a0dan\u00e7a constitui o eixo central da sua identidade e programa\u00e7\u00e3o, com particular aten\u00e7\u00e3o \u00e0\u00a0dan\u00e7a contempor\u00e2nea\u00a0e a pr\u00e1ticas art\u00edsticas que t\u00eam o\u00a0corpo como principal fonte de investiga\u00e7\u00e3o, cria\u00e7\u00e3o e express\u00e3o. O Kontornu acolhe diferentes linguagens e disciplinas \u2014 entre elas a performance, o teatro f\u00edsico, o circo contempor\u00e2neo, as dan\u00e7as urbanas, pr\u00e1ticas h\u00edbridas e outras formas de cria\u00e7\u00e3o performativa \u2014 privilegiando propostas que exploram o corpo enquanto territ\u00f3rio art\u00edstico, pol\u00edtico, social e po\u00e9tico. \u00daltimos Artigos Galeria Ver mais fotos<\/p>\n","protected":false},"author":1,"featured_media":0,"parent":0,"menu_order":0,"comment_status":"closed","ping_status":"closed","template":"","meta":{"_editorskit_title_hidden":false,"_editorskit_reading_time":0,"_editorskit_is_block_options_detached":false,"_editorskit_block_options_position":"{}","inspiro_hide_title":false,"inspiro_hide_featured_image":false,"footnotes":""},"class_list":["post-401","page","type-page","status-publish","hentry"],"featured_media_urls":[],"_links":{"self":[{"href":"https:\/\/kontornu.com\/index.php?rest_route=\/wp\/v2\/pages\/401","targetHints":{"allow":["GET"]}}],"collection":[{"href":"https:\/\/kontornu.com\/index.php?rest_route=\/wp\/v2\/pages"}],"about":[{"href":"https:\/\/kontornu.com\/index.php?rest_route=\/wp\/v2\/types\/page"}],"author":[{"embeddable":true,"href":"https:\/\/kontornu.com\/index.php?rest_route=\/wp\/v2\/users\/1"}],"replies":[{"embeddable":true,"href":"https:\/\/kontornu.com\/index.php?rest_route=%2Fwp%2Fv2%2Fcomments&post=401"}],"version-history":[{"count":10,"href":"https:\/\/kontornu.com\/index.php?rest_route=\/wp\/v2\/pages\/401\/revisions"}],"predecessor-version":[{"id":439,"href":"https:\/\/kontornu.com\/index.php?rest_route=\/wp\/v2\/pages\/401\/revisions\/439"}],"wp:attachment":[{"href":"https:\/\/kontornu.com\/index.php?rest_route=%2Fwp%2Fv2%2Fmedia&parent=401"}],"curies":[{"name":"wp","href":"https:\/\/api.w.org\/{rel}","templated":true}]}}