{"id":70,"date":"2026-08-19T16:37:14","date_gmt":"2026-08-19T16:37:14","guid":{"rendered":"https:\/\/kontornu.com\/?page_id=70"},"modified":"2026-08-23T03:05:46","modified_gmt":"2026-08-23T03:05:46","slug":"o-que-fazemos","status":"publish","type":"page","link":"https:\/\/kontornu.com\/?page_id=70","title":{"rendered":"O que fazemos"},"content":{"rendered":"<p><\/p>\n<p class=\"has-tablet-text-align-justify has-mobile-text-align-justify wp-block-paragraph\" style=\"text-align: justify;\">A <strong>Kontornu<\/strong> \u00e9 uma plataforma internacional de dan\u00e7a e artes performativas, sediada em Cabo Verde e ativa durante todo o ano.<\/p>\n<p style=\"text-align: justify;\">\n\n<\/p>\n<p class=\"has-tablet-text-align-justify has-mobile-text-align-justify wp-block-paragraph\" style=\"text-align: justify;\">A nossa atividade n\u00e3o se limita \u00e0 realiza\u00e7\u00e3o de um festival. Desenvolvemos <strong>projetos pr\u00f3prios, programas de forma\u00e7\u00e3o, iniciativas de participa\u00e7\u00e3o, plataformas de interc\u00e2mbio, a\u00e7\u00f5es no espa\u00e7o p\u00fablico, coprodu\u00e7\u00f5es e projetos em parceria com artistas e institui\u00e7\u00f5es nacionais e internacionais<\/strong>.<\/p>\n<p style=\"text-align: justify;\">\n\n<\/p>\n<p class=\"wp-block-paragraph\" style=\"text-align: justify;\">A dan\u00e7a \u00e9 o nosso eixo central, com particular aten\u00e7\u00e3o \u00e0 <strong>dan\u00e7a contempor\u00e2nea e \u00e0s pr\u00e1ticas art\u00edsticas que colocam o corpo no centro da investiga\u00e7\u00e3o<\/strong>, mas estabelecemos di\u00e1logos permanentes com as dan\u00e7as urbanas, o teatro f\u00edsico, o circo, a performance, a m\u00fasica, as artes visuais e outras linguagens contempor\u00e2neas.<\/p>\n<p style=\"text-align: justify;\">\n\n<\/p>\n<p class=\"wp-block-paragraph\" style=\"text-align: justify;\">Trabalhamos a partir de Cabo Verde, mas com uma voca\u00e7\u00e3o internacional, criando pontes entre artistas, territ\u00f3rios e p\u00fablicos e contribuindo para o desenvolvimento de um ecossistema mais conectado para a dan\u00e7a e as artes performativas.<\/p>\n<p><\/p>\n\n\n<h2 class=\"wp-block-heading\"><strong>FESTIVAL INTERNACIONAL DE DAN\u00c7A E ARTES PERFORMATIVAS<\/strong><\/h2>\n\n\n\n<figure class=\"wp-block-image alignwide size-large\" style=\"margin-top:0;margin-right:0;margin-bottom:0;margin-left:0\"><img fetchpriority=\"high\" decoding=\"async\" width=\"1024\" height=\"683\" src=\"https:\/\/kontornu.com\/wp-content\/uploads\/2026\/08\/WhatsApp-Image-2026-08-20-at-12.12.30-1024x683.jpeg\" alt=\"\" class=\"wp-image-264\" srcset=\"https:\/\/kontornu.com\/wp-content\/uploads\/2026\/08\/WhatsApp-Image-2026-08-20-at-12.12.30-1024x683.jpeg 1024w, https:\/\/kontornu.com\/wp-content\/uploads\/2026\/08\/WhatsApp-Image-2026-08-20-at-12.12.30-300x200.jpeg 300w, https:\/\/kontornu.com\/wp-content\/uploads\/2026\/08\/WhatsApp-Image-2026-08-20-at-12.12.30-2000x1333.jpeg 2000w, https:\/\/kontornu.com\/wp-content\/uploads\/2026\/08\/WhatsApp-Image-2026-08-20-at-12.12.30.jpeg 2048w\" sizes=\"(max-width: 1024px) 100vw, 1024px\" \/><\/figure>\n\n\n<p><\/p>\n<p class=\"wp-block-paragraph\" style=\"text-align: justify;\">O <strong>Festival Internacional de Dan\u00e7a e Artes Performativas Kontornu<\/strong> \u00e9 o principal projeto da plataforma e acontece anualmente durante o m\u00eas de <strong>maio<\/strong> em Cabo Verde.<\/p>\n<p style=\"text-align: justify;\">\n\n<\/p>\n<p class=\"wp-block-paragraph\" style=\"text-align: justify;\">O Festival \u00e9 concebido como uma plataforma internacional de <strong>cria\u00e7\u00e3o, circula\u00e7\u00e3o, pensamento e encontro<\/strong>, colocando artistas cabo-verdianos e internacionais em contacto com criadores, companhias, programadores, curadores e institui\u00e7\u00f5es de diferentes geografias.<\/p>\n<p style=\"text-align: justify;\">\n\n<\/p>\n<p class=\"has-mobile-text-align-justify wp-block-paragraph\" style=\"text-align: justify;\">A programa\u00e7\u00e3o cruza diferentes gera\u00e7\u00f5es, linguagens e contextos de cria\u00e7\u00e3o, com uma aten\u00e7\u00e3o particular \u00e0 <strong>dan\u00e7a contempor\u00e2nea, \u00e0 investiga\u00e7\u00e3o do corpo e \u00e0s pr\u00e1ticas performativas contempor\u00e2neas<\/strong>. Integra espet\u00e1culos, performances, interven\u00e7\u00f5es em espa\u00e7os p\u00fablicos e n\u00e3o convencionais, propostas site-specific, teatro f\u00edsico, circo, dan\u00e7a urbana, confer\u00eancias-performances, workshops, masterclasses, conversas e outros formatos de encontro com os p\u00fablicos.<\/p>\n<p style=\"text-align: justify;\">\n\n<\/p>\n<p class=\"wp-block-paragraph\" style=\"text-align: justify;\">Uma das caracter\u00edsticas fundamentais do Festival \u00e9 a sua <strong>dimens\u00e3o internacional e transatl\u00e2ntica<\/strong>, promovendo rela\u00e7\u00f5es entre Cabo Verde, outros pa\u00edses africanos, e diferentes territ\u00f3rios da di\u00e1spora.<\/p>\n<p style=\"text-align: justify;\">\n\n<\/p>\n<p class=\"wp-block-paragraph\" style=\"text-align: justify;\">A programa\u00e7\u00e3o resulta da combina\u00e7\u00e3o entre <strong>open calls, convites curatoriais, propostas de artistas e parcerias institucionais e internacionais<\/strong>. A sele\u00e7\u00e3o procura garantir qualidade e pertin\u00eancia art\u00edstica, diversidade de linguagens e geografias, equil\u00edbrio entre artistas emergentes e criadores com percurso consolidado, rela\u00e7\u00e3o com o contexto cabo-verdiano e capacidade de criar novas experi\u00eancias de encontro com os p\u00fablicos.<\/p>\n<p style=\"text-align: justify;\">\n\n<\/p>\n<p class=\"wp-block-paragraph\" style=\"text-align: justify;\">O Festival funciona, assim, n\u00e3o apenas como uma mostra de espet\u00e1culos, mas como um <strong>espa\u00e7o de circula\u00e7\u00e3o, forma\u00e7\u00e3o, interc\u00e2mbio, pensamento e desenvolvimento profissional para a dan\u00e7a e as artes performativas<\/strong>.<\/p>\n<p style=\"text-align: justify;\">\n\n<\/p>\n<hr class=\"wp-block-separator has-alpha-channel-opacity\" \/>\n<p><\/p>\n\n\n<h1 class=\"wp-block-heading\"><strong>PROGRAMAS E PROJETOS<\/strong><\/h1>\n\n\n\n<h2 class=\"wp-block-heading\"><strong>KORDA<\/strong><\/h2>\n\n\n\n<div class=\"wp-block-group has-global-padding is-layout-constrained wp-block-group-is-layout-constrained\">\n<div class=\"wp-block-media-text is-stacked-on-mobile\" style=\"grid-template-columns:48% auto\"><figure class=\"wp-block-media-text__media\"><img decoding=\"async\" width=\"819\" height=\"1024\" src=\"https:\/\/kontornu.com\/wp-content\/uploads\/2026\/08\/766953025_1062267059689163_9093421084996969948_n-819x1024.jpeg\" alt=\"\" class=\"wp-image-118 size-full\" srcset=\"https:\/\/kontornu.com\/wp-content\/uploads\/2026\/08\/766953025_1062267059689163_9093421084996969948_n-819x1024.jpeg 819w, https:\/\/kontornu.com\/wp-content\/uploads\/2026\/08\/766953025_1062267059689163_9093421084996969948_n-240x300.jpeg 240w, https:\/\/kontornu.com\/wp-content\/uploads\/2026\/08\/766953025_1062267059689163_9093421084996969948_n.jpeg 1440w\" sizes=\"(max-width: 819px) 100vw, 819px\" \/><\/figure><div class=\"wp-block-media-text__content\">\n<p><\/p>\n<p class=\"wp-block-paragraph\" style=\"text-align: justify;\"><strong>Korda<\/strong> \u00e9 o programa internacional da Kontornu dedicado \u00e0 <strong>mobilidade, interc\u00e2mbio e coopera\u00e7\u00e3o art\u00edstica<\/strong>. Cria pontes entre artistas, coletivos, festivais e institui\u00e7\u00f5es de diferentes pa\u00edses, fortalecendo as rela\u00e7\u00f5es entre <strong>Cabo Verde, \u00c1frica e o mundo<\/strong>.<\/p>\n<p style=\"text-align: justify;\">\n\n<\/p>\n<p class=\"wp-block-paragraph\" style=\"text-align: justify;\">O programa desenvolve e apoia <strong>resid\u00eancias art\u00edsticas, interc\u00e2mbios, coprodu\u00e7\u00f5es, circula\u00e7\u00e3o de artistas e obras, laborat\u00f3rios criativos, workshops, mentorias e outras iniciativas de coopera\u00e7\u00e3o<\/strong>.<\/p>\n<p style=\"text-align: justify;\">\n\n<\/p>\n<p class=\"wp-block-paragraph\" style=\"text-align: justify;\">Mais do que promover desloca\u00e7\u00f5es, o Korda procura criar <strong>rela\u00e7\u00f5es de continuidade entre pessoas e estruturas<\/strong>, permitindo a partilha de conhecimentos, experi\u00eancias e recursos e abrindo possibilidades concretas de cria\u00e7\u00e3o e circula\u00e7\u00e3o internacional.<\/p>\n<p style=\"text-align: justify;\">\n\n<\/p>\n<p class=\"wp-block-paragraph\" style=\"text-align: justify;\">O pr\u00f3prio nome remete para a <strong>corda enquanto elemento que une, sustenta, aproxima margens e permite atravessar dist\u00e2ncias<\/strong>. \u00c9 essa ideia de liga\u00e7\u00e3o que orienta o programa: construir uma rede internacional de colabora\u00e7\u00e3o a partir de Cabo Verde.<\/p>\n<p><\/p>\n\n\n\n<p class=\"wp-block-paragraph\"><\/p>\n<\/div><\/div>\n<\/div>\n\n\n\n<hr class=\"wp-block-separator has-alpha-channel-opacity\"\/>\n\n\n\n<h2 class=\"wp-block-heading\"><strong>UAB\u00c1<\/strong><\/h2>\n\n\n\n<div class=\"wp-block-media-text has-media-on-the-right is-stacked-on-mobile is-vertically-aligned-top\"><div class=\"wp-block-media-text__content\">\n<p style=\"text-align: justify;\">Uab\u00e1 \u00e9 uma mostra de videodan\u00e7a da Kontornu dedicada ao encontro entre o corpo, a dan\u00e7a e a linguagem audiovisual.<\/p>\n<p style=\"text-align: justify;\">O projeto explora a videodan\u00e7a como territ\u00f3rio de cria\u00e7\u00e3o onde a dan\u00e7a deixa o espa\u00e7o f\u00edsico do palco para dialogar com a c\u00e2mara, a montagem, a imagem, o som, a paisagem e diferentes possibilidades de narrativa.<\/p>\n<p style=\"text-align: justify;\">Atrav\u00e9s da apresenta\u00e7\u00e3o de obras nacionais e internacionais, Uab\u00e1 cria um espa\u00e7o de exibi\u00e7\u00e3o, descoberta e reflex\u00e3o sobre as rela\u00e7\u00f5es entre dan\u00e7a e cinema, dando visibilidade a artistas que trabalham na interse\u00e7\u00e3o entre as artes performativas e o audiovisual.<\/p>\n<p style=\"text-align: justify;\">A mostra procura tamb\u00e9m ampliar o acesso \u00e0 cria\u00e7\u00e3o contempor\u00e2nea e apresentar ao p\u00fablico outras formas de experimentar e pensar a dan\u00e7a, valorizando obras que investigam o corpo atrav\u00e9s da imagem em movimento.<\/p>\n<p style=\"text-align: justify;\">Uab\u00e1 integra a programa\u00e7\u00e3o da Kontornu como um espa\u00e7o dedicado \u00e0 videodan\u00e7a e \u00e0s pr\u00e1ticas h\u00edbridas entre corpo, movimento e audiovisual<\/p>\n<\/div><figure class=\"wp-block-media-text__media\"><img decoding=\"async\" width=\"819\" height=\"1024\" src=\"https:\/\/kontornu.com\/wp-content\/uploads\/2026\/08\/WhatsApp-Image-2026-08-20-at-12.07.19-819x1024.jpeg\" alt=\"\" class=\"wp-image-248 size-full\" srcset=\"https:\/\/kontornu.com\/wp-content\/uploads\/2026\/08\/WhatsApp-Image-2026-08-20-at-12.07.19-819x1024.jpeg 819w, https:\/\/kontornu.com\/wp-content\/uploads\/2026\/08\/WhatsApp-Image-2026-08-20-at-12.07.19-240x300.jpeg 240w, https:\/\/kontornu.com\/wp-content\/uploads\/2026\/08\/WhatsApp-Image-2026-08-20-at-12.07.19-768x960.jpeg 768w, https:\/\/kontornu.com\/wp-content\/uploads\/2026\/08\/WhatsApp-Image-2026-08-20-at-12.07.19-600x750.jpeg 600w, https:\/\/kontornu.com\/wp-content\/uploads\/2026\/08\/WhatsApp-Image-2026-08-20-at-12.07.19.jpeg 1080w\" sizes=\"(max-width: 819px) 100vw, 819px\" \/><\/figure><\/div>\n\n\n\n<hr class=\"wp-block-separator has-alpha-channel-opacity\"\/>\n\n\n\n<h2 class=\"wp-block-heading\"><strong>KOPANO<\/strong><\/h2>\n\n\n\n<figure class=\"wp-block-image alignwide size-large\" style=\"margin-top:0;margin-right:0;margin-bottom:0;margin-left:0\"><img loading=\"lazy\" decoding=\"async\" width=\"1024\" height=\"576\" src=\"https:\/\/kontornu.com\/wp-content\/uploads\/2026\/08\/Screenshot-2026-08-23-01.33.04-1024x576.png\" alt=\"\" class=\"wp-image-339\" srcset=\"https:\/\/kontornu.com\/wp-content\/uploads\/2026\/08\/Screenshot-2026-08-23-01.33.04-1024x576.png 1024w, https:\/\/kontornu.com\/wp-content\/uploads\/2026\/08\/Screenshot-2026-08-23-01.33.04-300x169.png 300w, https:\/\/kontornu.com\/wp-content\/uploads\/2026\/08\/Screenshot-2026-08-23-01.33.04.png 1920w\" sizes=\"(max-width: 1024px) 100vw, 1024px\" \/><\/figure>\n\n\n<p style=\"text-align: justify;\">Kopano \u2013 Encontro Internacional de Programadores \u00e9 uma plataforma profissional que re\u00fane programadores, curadores, diretores art\u00edsticos e outros agentes das artes performativas de diferentes pa\u00edses.<\/p>\n<p style=\"text-align: justify;\">O encontro cria um espa\u00e7o de di\u00e1logo, apresenta\u00e7\u00e3o de projetos, networking e desenvolvimento de parcerias, permitindo aos profissionais conhecer artistas e propostas de cria\u00e7\u00e3o, partilhar experi\u00eancias e identificar possibilidades de circula\u00e7\u00e3o, coprodu\u00e7\u00e3o e colabora\u00e7\u00e3o.<\/p>\n<p style=\"text-align: justify;\">Realizado no contexto da Kontornu, Kopano contribui para posicionar Cabo Verde como um ponto de encontro entre diferentes redes e circuitos internacionais das artes performativas.<\/p>\n\n\n<hr class=\"wp-block-separator has-alpha-channel-opacity\"\/>\n\n\n\n<h2 class=\"wp-block-heading\"><strong>KONTORNU DANCE CAMP<\/strong><\/h2>\n\n\n\n<div class=\"wp-block-media-text is-stacked-on-mobile is-vertically-aligned-top\"><figure class=\"wp-block-media-text__media\"><img loading=\"lazy\" decoding=\"async\" width=\"819\" height=\"1024\" src=\"https:\/\/kontornu.com\/wp-content\/uploads\/2026\/08\/752648754_17991770883007423_2753270964266228176_n-819x1024.jpeg\" alt=\"\" class=\"wp-image-355 size-full\" srcset=\"https:\/\/kontornu.com\/wp-content\/uploads\/2026\/08\/752648754_17991770883007423_2753270964266228176_n-819x1024.jpeg 819w, https:\/\/kontornu.com\/wp-content\/uploads\/2026\/08\/752648754_17991770883007423_2753270964266228176_n-240x300.jpeg 240w, https:\/\/kontornu.com\/wp-content\/uploads\/2026\/08\/752648754_17991770883007423_2753270964266228176_n-768x960.jpeg 768w, https:\/\/kontornu.com\/wp-content\/uploads\/2026\/08\/752648754_17991770883007423_2753270964266228176_n-1229x1536.jpeg 1229w, https:\/\/kontornu.com\/wp-content\/uploads\/2026\/08\/752648754_17991770883007423_2753270964266228176_n-600x750.jpeg 600w, https:\/\/kontornu.com\/wp-content\/uploads\/2026\/08\/752648754_17991770883007423_2753270964266228176_n-1200x1500.jpeg 1200w, https:\/\/kontornu.com\/wp-content\/uploads\/2026\/08\/752648754_17991770883007423_2753270964266228176_n.jpeg 1440w\" sizes=\"(max-width: 819px) 100vw, 819px\" \/><\/figure><div class=\"wp-block-media-text__content\">\n<p style=\"text-align: justify;\">O Kontornu Dance Camp \u00e9 um programa intensivo de forma\u00e7\u00e3o, interc\u00e2mbio e imers\u00e3o art\u00edstica dedicado \u00e0 dan\u00e7a.<\/p>\n<p style=\"text-align: justify;\">O Camp re\u00fane bailarinos\u00a0 internacionais durante um per\u00edodo de forma\u00e7\u00e3o e conviv\u00eancia, proporcionando contacto com diferentes t\u00e9cnicas, linguagens e metodologias de trabalho.<\/p>\n<p style=\"text-align: justify;\">A programa\u00e7\u00e3o inclui masterclasses, workshops, pr\u00e1ticas de dan\u00e7a, encontros com artistas convidados e acesso \u00e0 programa\u00e7\u00e3o do Festival Kontornu, criando um ambiente de aprendizagem e partilha entre participantes de diferentes contextos.<\/p>\n<p style=\"text-align: justify;\">Mais do que um programa de forma\u00e7\u00e3o, o Dance Camp \u00e9 uma experi\u00eancia de interc\u00e2mbio art\u00edstico e constru\u00e7\u00e3o de redes entre a nova gera\u00e7\u00e3o de bailarinos.<\/p>\n<\/div><\/div>\n\n\n\n<hr class=\"wp-block-separator has-alpha-channel-opacity\"\/>\n\n\n\n<h2 class=\"wp-block-heading\"><strong>KONTORNU DANCE BATTLE<\/strong><\/h2>\n\n\n\n<div class=\"wp-block-media-text has-media-on-the-right is-stacked-on-mobile\"><div class=\"wp-block-media-text__content\">\n<p style=\"text-align: justify;\">O Kontornu Dance Battle \u00e9 um programa dedicado \u00e0s dan\u00e7as urbanas, desenvolvido em formato de competi\u00e7\u00e3o e encontro entre bailarinos.<\/p>\n<p style=\"text-align: justify;\">A iniciativa cria uma plataforma para a express\u00e3o, reconhecimento e desenvolvimento de artistas ligados \u00e0s culturas urbanas, promovendo o contacto entre bailarinos cabo-verdianos e participantes de outras comunidades e geografias.<\/p>\n<p style=\"text-align: justify;\">Atrav\u00e9s da battle, a Kontornu valoriza a diversidade das pr\u00e1ticas de dan\u00e7a e cria um espa\u00e7o de competi\u00e7\u00e3o saud\u00e1vel, interc\u00e2mbio e celebra\u00e7\u00e3o da cultura urbana.<\/p>\n<\/div><figure class=\"wp-block-media-text__media\"><img loading=\"lazy\" decoding=\"async\" width=\"1000\" height=\"666\" src=\"https:\/\/kontornu.com\/wp-content\/uploads\/2026\/08\/704307323_1359915009526120_5380594836856126978_n.jpg\" alt=\"\" class=\"wp-image-357 size-full\" srcset=\"https:\/\/kontornu.com\/wp-content\/uploads\/2026\/08\/704307323_1359915009526120_5380594836856126978_n.jpg 1000w, https:\/\/kontornu.com\/wp-content\/uploads\/2026\/08\/704307323_1359915009526120_5380594836856126978_n-300x200.jpg 300w, https:\/\/kontornu.com\/wp-content\/uploads\/2026\/08\/704307323_1359915009526120_5380594836856126978_n-767x511.jpg 767w, https:\/\/kontornu.com\/wp-content\/uploads\/2026\/08\/704307323_1359915009526120_5380594836856126978_n-600x400.jpg 600w, https:\/\/kontornu.com\/wp-content\/uploads\/2026\/08\/704307323_1359915009526120_5380594836856126978_n-599x399.jpg 599w\" sizes=\"(max-width: 1000px) 100vw, 1000px\" \/><\/figure><\/div>\n\n\n\n<hr class=\"wp-block-separator has-alpha-channel-opacity\"\/>\n\n\n\n<h2 class=\"wp-block-heading\"><strong>BOLSA STRADA<\/strong><\/h2>\n\n\n<p style=\"text-align: justify;\">A Bolsa Strada \u00e9 um programa de mobilidade da Kontornu destinado a artistas cabo-verdianos, apoiando a sua participa\u00e7\u00e3o em eventos, festivais, resid\u00eancias, encontros e outras iniciativas art\u00edsticas internacionais.<\/p>\n<p style=\"text-align: justify;\">Atrav\u00e9s da bolsa, a Kontornu procura criar condi\u00e7\u00f5es para que artistas possam viajar, apresentar o seu trabalho, participar em processos de forma\u00e7\u00e3o e interc\u00e2mbio e estabelecer novas rela\u00e7\u00f5es profissionais fora de Cabo Verde.<\/p>\n<p style=\"text-align: justify;\">O programa \u00e9 uma ferramenta de internacionaliza\u00e7\u00e3o da cria\u00e7\u00e3o cabo-verdiana e procura contribuir para a circula\u00e7\u00e3o dos artistas e para a sua integra\u00e7\u00e3o em redes profissionais internacionais.<\/p>\n\n\n<hr class=\"wp-block-separator has-alpha-channel-opacity\"\/>\n\n\n\n<h2 class=\"wp-block-heading\"><strong>KONCHA<\/strong><\/h2>\n\n\n<p style=\"text-align: justify;\">Koncha \u00e9 um programa de coprodu\u00e7\u00e3o da Kontornu dedicado \u00e0 cria\u00e7\u00e3o e desenvolvimento de espet\u00e1culos de artistas cabo-verdianos.<\/p>\n<p style=\"text-align: justify;\">Atrav\u00e9s do programa, a Kontornu estabelece uma rela\u00e7\u00e3o de produ\u00e7\u00e3o com um artista ou projeto art\u00edstico, contribuindo para o desenvolvimento, produ\u00e7\u00e3o e apresenta\u00e7\u00e3o de uma nova obra.<\/p>\n<p style=\"text-align: justify;\">Koncha procura criar condi\u00e7\u00f5es para que artistas cabo-verdianos possam desenvolver os seus projetos com maior estrutura e acompanhamento profissional, fortalecendo os processos de cria\u00e7\u00e3o e aumentando as possibilidades de apresenta\u00e7\u00e3o e circula\u00e7\u00e3o das obras.<\/p>\n<p style=\"text-align: justify;\">O programa constitui, assim, uma ferramenta de apoio \u00e0 cria\u00e7\u00e3o nacional e de investimento na produ\u00e7\u00e3o de novas obras de dan\u00e7a e artes performativas.<\/p>\n\n\n<hr class=\"wp-block-separator has-alpha-channel-opacity\"\/>\n\n\n\n<h2 class=\"wp-block-heading\"><strong>CO-PRODU\u00c7\u00d5ES<\/strong><\/h2>\n\n\n<p><\/p>\n<p class=\"wp-block-paragraph\" style=\"text-align: justify;\">Para al\u00e9m dos seus programas pr\u00f3prios, a Kontornu estabelece parcerias de coprodu\u00e7\u00e3o com artistas, companhias, festivais, institui\u00e7\u00f5es e estruturas culturais nacionais e internacionais.<\/p>\n<p style=\"text-align: justify;\">\n\n<\/p>\n<p class=\"wp-block-paragraph\" style=\"text-align: justify;\">Estas parcerias podem envolver o desenvolvimento de obras, resid\u00eancias, produ\u00e7\u00e3o, apresenta\u00e7\u00e3o, circula\u00e7\u00e3o ou outras etapas do percurso de um projeto art\u00edstico.<\/p>\n<p style=\"text-align: justify;\">\n\n<\/p>\n<p class=\"wp-block-paragraph\" style=\"text-align: justify;\">Atrav\u00e9s das coprodu\u00e7\u00f5es, a Kontornu participa na constru\u00e7\u00e3o de projetos em rede e contribui para criar pontes entre a produ\u00e7\u00e3o art\u00edstica cabo-verdiana e diferentes circuitos nacionais e internaci<strong>onais.<\/strong><\/p>\n<p><\/p>\n\n\n<hr class=\"wp-block-separator has-alpha-channel-opacity\"\/>\n\n\n\n<h2 class=\"wp-block-heading\"><strong>PRODU\u00c7\u00c3O DE EVENTOS ART\u00cdSTICOS<\/strong><\/h2>\n\n\n<p style=\"text-align: justify;\">A Kontornu tamb\u00e9m desenvolve produ\u00e7\u00e3o e organiza\u00e7\u00e3o de eventos art\u00edsticos sob contrata\u00e7\u00e3o, trabalhando com institui\u00e7\u00f5es p\u00fablicas e privadas, munic\u00edpios, empresas, organiza\u00e7\u00f5es culturais, festivais e outras entidades.<\/p>\n<p style=\"text-align: justify;\">Prestamos servi\u00e7os de produ\u00e7\u00e3o executiva, programa\u00e7\u00e3o art\u00edstica, coordena\u00e7\u00e3o de artistas, log\u00edstica, produ\u00e7\u00e3o t\u00e9cnica, acolhimento e gest\u00e3o de equipas, adaptando cada projeto \u00e0s necessidades do parceiro.<\/p>\n<p style=\"text-align: justify;\">Esta \u00e1rea permite \u00e0 Kontornu colocar a sua experi\u00eancia e rede profissional ao servi\u00e7o de diferentes iniciativas culturais e art\u00edsticas, desde eventos pontuais a projetos de maior dimens\u00e3o.<\/p>","protected":false},"excerpt":{"rendered":"<p>A Kontornu \u00e9 uma plataforma internacional de dan\u00e7a e artes performativas, sediada em Cabo Verde e ativa durante todo o ano. A nossa atividade n\u00e3o se limita \u00e0 realiza\u00e7\u00e3o de um festival. Desenvolvemos projetos pr\u00f3prios, programas de forma\u00e7\u00e3o, iniciativas de participa\u00e7\u00e3o, plataformas de interc\u00e2mbio, a\u00e7\u00f5es no espa\u00e7o p\u00fablico, coprodu\u00e7\u00f5es e projetos em parceria com artistas e institui\u00e7\u00f5es nacionais e internacionais. A dan\u00e7a \u00e9 o nosso eixo central, com particular aten\u00e7\u00e3o \u00e0 dan\u00e7a contempor\u00e2nea e \u00e0s pr\u00e1ticas art\u00edsticas que colocam o corpo no centro da investiga\u00e7\u00e3o, mas estabelecemos di\u00e1logos permanentes com as dan\u00e7as urbanas, o teatro f\u00edsico, o circo, a performance, a m\u00fasica, as artes visuais e outras linguagens contempor\u00e2neas. Trabalhamos a partir de Cabo Verde, mas com uma voca\u00e7\u00e3o internacional, criando pontes entre artistas, territ\u00f3rios e p\u00fablicos e contribuindo para o desenvolvimento de um ecossistema mais conectado para a dan\u00e7a e as artes performativas. FESTIVAL INTERNACIONAL DE DAN\u00c7A E ARTES PERFORMATIVAS O Festival Internacional de Dan\u00e7a e Artes Performativas Kontornu \u00e9 o principal projeto da plataforma e acontece anualmente durante o m\u00eas de maio em Cabo Verde. O Festival \u00e9 concebido como uma plataforma internacional de cria\u00e7\u00e3o, circula\u00e7\u00e3o, pensamento e encontro, colocando artistas cabo-verdianos e internacionais em contacto com criadores, companhias, programadores, curadores e institui\u00e7\u00f5es de diferentes geografias. A programa\u00e7\u00e3o cruza diferentes gera\u00e7\u00f5es, linguagens e contextos de cria\u00e7\u00e3o, com uma aten\u00e7\u00e3o particular \u00e0 dan\u00e7a contempor\u00e2nea, \u00e0 investiga\u00e7\u00e3o do corpo e \u00e0s pr\u00e1ticas performativas contempor\u00e2neas. Integra espet\u00e1culos, performances, interven\u00e7\u00f5es em espa\u00e7os p\u00fablicos e n\u00e3o convencionais, propostas site-specific, teatro f\u00edsico, circo, dan\u00e7a urbana, confer\u00eancias-performances, workshops, masterclasses, conversas e outros formatos de encontro com os p\u00fablicos. Uma das caracter\u00edsticas fundamentais do Festival \u00e9 a sua dimens\u00e3o internacional e transatl\u00e2ntica, promovendo rela\u00e7\u00f5es entre Cabo Verde, outros pa\u00edses africanos, e diferentes territ\u00f3rios da di\u00e1spora. A programa\u00e7\u00e3o resulta da combina\u00e7\u00e3o entre open calls, convites curatoriais, propostas de artistas e parcerias institucionais e internacionais. A sele\u00e7\u00e3o procura garantir qualidade e pertin\u00eancia art\u00edstica, diversidade de linguagens e geografias, equil\u00edbrio entre artistas emergentes e criadores com percurso consolidado, rela\u00e7\u00e3o com o contexto cabo-verdiano e capacidade de criar novas experi\u00eancias de encontro com os p\u00fablicos. O Festival funciona, assim, n\u00e3o apenas como uma mostra de espet\u00e1culos, mas como um espa\u00e7o de circula\u00e7\u00e3o, forma\u00e7\u00e3o, interc\u00e2mbio, pensamento e desenvolvimento profissional para a dan\u00e7a e as artes performativas. PROGRAMAS E PROJETOS KORDA Korda \u00e9 o programa internacional da Kontornu dedicado \u00e0 mobilidade, interc\u00e2mbio e coopera\u00e7\u00e3o art\u00edstica. Cria pontes entre artistas, coletivos, festivais e institui\u00e7\u00f5es de diferentes pa\u00edses, fortalecendo as rela\u00e7\u00f5es entre Cabo Verde, \u00c1frica e o mundo. O programa desenvolve e apoia resid\u00eancias art\u00edsticas, interc\u00e2mbios, coprodu\u00e7\u00f5es, circula\u00e7\u00e3o de artistas e obras, laborat\u00f3rios criativos, workshops, mentorias e outras iniciativas de coopera\u00e7\u00e3o. Mais do que promover desloca\u00e7\u00f5es, o Korda procura criar rela\u00e7\u00f5es de continuidade entre pessoas e estruturas, permitindo a partilha de conhecimentos, experi\u00eancias e recursos e abrindo possibilidades concretas de cria\u00e7\u00e3o e circula\u00e7\u00e3o internacional. O pr\u00f3prio nome remete para a corda enquanto elemento que une, sustenta, aproxima margens e permite atravessar dist\u00e2ncias. \u00c9 essa ideia de liga\u00e7\u00e3o que orienta o programa: construir uma rede internacional de colabora\u00e7\u00e3o a partir de Cabo Verde. UAB\u00c1 Uab\u00e1 \u00e9 uma mostra de videodan\u00e7a da Kontornu dedicada ao encontro entre o corpo, a dan\u00e7a e a linguagem audiovisual. O projeto explora a videodan\u00e7a como territ\u00f3rio de cria\u00e7\u00e3o onde a dan\u00e7a deixa o espa\u00e7o f\u00edsico do palco para dialogar com a c\u00e2mara, a montagem, a imagem, o som, a paisagem e diferentes possibilidades de narrativa. Atrav\u00e9s da apresenta\u00e7\u00e3o de obras nacionais e internacionais, Uab\u00e1 cria um espa\u00e7o de exibi\u00e7\u00e3o, descoberta e reflex\u00e3o sobre as rela\u00e7\u00f5es entre dan\u00e7a e cinema, dando visibilidade a artistas que trabalham na interse\u00e7\u00e3o entre as artes performativas e o audiovisual. A mostra procura tamb\u00e9m ampliar o acesso \u00e0 cria\u00e7\u00e3o contempor\u00e2nea e apresentar ao p\u00fablico outras formas de experimentar e pensar a dan\u00e7a, valorizando obras que investigam o corpo atrav\u00e9s da imagem em movimento. Uab\u00e1 integra a programa\u00e7\u00e3o da Kontornu como um espa\u00e7o dedicado \u00e0 videodan\u00e7a e \u00e0s pr\u00e1ticas h\u00edbridas entre corpo, movimento e audiovisual KOPANO Kopano \u2013 Encontro Internacional de Programadores \u00e9 uma plataforma profissional que re\u00fane programadores, curadores, diretores art\u00edsticos e outros agentes das artes performativas de diferentes pa\u00edses. O encontro cria um espa\u00e7o de di\u00e1logo, apresenta\u00e7\u00e3o de projetos, networking e desenvolvimento de parcerias, permitindo aos profissionais conhecer artistas e propostas de cria\u00e7\u00e3o, partilhar experi\u00eancias e identificar possibilidades de circula\u00e7\u00e3o, coprodu\u00e7\u00e3o e colabora\u00e7\u00e3o. Realizado no contexto da Kontornu, Kopano contribui para posicionar Cabo Verde como um ponto de encontro entre diferentes redes e circuitos internacionais das artes performativas. KONTORNU DANCE CAMP O Kontornu Dance Camp \u00e9 um programa intensivo de forma\u00e7\u00e3o, interc\u00e2mbio e imers\u00e3o art\u00edstica dedicado \u00e0 dan\u00e7a. O Camp re\u00fane bailarinos\u00a0 internacionais durante um per\u00edodo de forma\u00e7\u00e3o e conviv\u00eancia, proporcionando contacto com diferentes t\u00e9cnicas, linguagens e metodologias de trabalho. A programa\u00e7\u00e3o inclui masterclasses, workshops, pr\u00e1ticas de dan\u00e7a, encontros com artistas convidados e acesso \u00e0 programa\u00e7\u00e3o do Festival Kontornu, criando um ambiente de aprendizagem e partilha entre participantes de diferentes contextos. Mais do que um programa de forma\u00e7\u00e3o, o Dance Camp \u00e9 uma experi\u00eancia de interc\u00e2mbio art\u00edstico e constru\u00e7\u00e3o de redes entre a nova gera\u00e7\u00e3o de bailarinos. KONTORNU DANCE BATTLE O Kontornu Dance Battle \u00e9 um programa dedicado \u00e0s dan\u00e7as urbanas, desenvolvido em formato de competi\u00e7\u00e3o e encontro entre bailarinos. A iniciativa cria uma plataforma para a express\u00e3o, reconhecimento e desenvolvimento de artistas ligados \u00e0s culturas urbanas, promovendo o contacto entre bailarinos cabo-verdianos e participantes de outras comunidades e geografias. Atrav\u00e9s da battle, a Kontornu valoriza a diversidade das pr\u00e1ticas de dan\u00e7a e cria um espa\u00e7o de competi\u00e7\u00e3o saud\u00e1vel, interc\u00e2mbio e celebra\u00e7\u00e3o da cultura urbana. BOLSA STRADA A Bolsa Strada \u00e9 um programa de mobilidade da Kontornu destinado a artistas cabo-verdianos, apoiando a sua participa\u00e7\u00e3o em eventos, festivais, resid\u00eancias, encontros e outras iniciativas art\u00edsticas internacionais. Atrav\u00e9s da bolsa, a Kontornu procura criar condi\u00e7\u00f5es para que artistas possam viajar, apresentar o seu trabalho, participar em processos de forma\u00e7\u00e3o e interc\u00e2mbio e estabelecer novas rela\u00e7\u00f5es profissionais fora de Cabo Verde. O programa \u00e9 uma ferramenta de internacionaliza\u00e7\u00e3o da cria\u00e7\u00e3o cabo-verdiana e procura contribuir para a circula\u00e7\u00e3o &hellip; <\/p>\n<p class=\"link-more\"><a href=\"https:\/\/kontornu.com\/?page_id=70\" class=\"more-link\">Read more<span class=\"screen-reader-text\"> &#8220;O que fazemos&#8221;<\/span><\/a><\/p>\n","protected":false},"author":1,"featured_media":0,"parent":0,"menu_order":0,"comment_status":"closed","ping_status":"closed","template":"","meta":{"_editorskit_title_hidden":false,"_editorskit_reading_time":0,"_editorskit_is_block_options_detached":false,"_editorskit_block_options_position":"{}","inspiro_hide_title":false,"inspiro_hide_featured_image":false,"footnotes":""},"class_list":["post-70","page","type-page","status-publish","hentry"],"featured_media_urls":[],"_links":{"self":[{"href":"https:\/\/kontornu.com\/index.php?rest_route=\/wp\/v2\/pages\/70","targetHints":{"allow":["GET"]}}],"collection":[{"href":"https:\/\/kontornu.com\/index.php?rest_route=\/wp\/v2\/pages"}],"about":[{"href":"https:\/\/kontornu.com\/index.php?rest_route=\/wp\/v2\/types\/page"}],"author":[{"embeddable":true,"href":"https:\/\/kontornu.com\/index.php?rest_route=\/wp\/v2\/users\/1"}],"replies":[{"embeddable":true,"href":"https:\/\/kontornu.com\/index.php?rest_route=%2Fwp%2Fv2%2Fcomments&post=70"}],"version-history":[{"count":37,"href":"https:\/\/kontornu.com\/index.php?rest_route=\/wp\/v2\/pages\/70\/revisions"}],"predecessor-version":[{"id":360,"href":"https:\/\/kontornu.com\/index.php?rest_route=\/wp\/v2\/pages\/70\/revisions\/360"}],"wp:attachment":[{"href":"https:\/\/kontornu.com\/index.php?rest_route=%2Fwp%2Fv2%2Fmedia&parent=70"}],"curies":[{"name":"wp","href":"https:\/\/api.w.org\/{rel}","templated":true}]}}